{"id":3464,"date":"2026-03-16T22:48:10","date_gmt":"2026-03-16T21:48:10","guid":{"rendered":"https:\/\/www.tact-transfusion.org\/?page_id=3464"},"modified":"2026-03-16T22:48:11","modified_gmt":"2026-03-16T21:48:11","slug":"politique-de-confidentialite-rgpd","status":"publish","type":"page","link":"https:\/\/www.tact-transfusion.org\/index.php\/politique-de-confidentialite-rgpd\/","title":{"rendered":"Politique de confidentialit\u00e9 (RGPD)"},"content":{"rendered":"\n<p class=\"has-black-color has-text-color has-link-color wp-elements-0ba8f9dc1364c09e3d5f6431cbf6f70e\">La pr\u00e9sente politique de confidentialit\u00e9 a pour objectif d\u2019informer les utilisateurs du site&nbsp;<strong>www.tact-transfusion.org<\/strong>&nbsp;sur la mani\u00e8re dont leurs donn\u00e9es personnelles peuvent \u00eatre collect\u00e9es et trait\u00e9es.<\/p>\n\n\n\n<hr class=\"wp-block-separator has-alpha-channel-opacity\"\/>\n\n\n\n<p class=\"has-black-color has-text-color has-link-color wp-elements-48ce3d0ed998d9d97dd88f7308388969\"><strong>1. Responsable du traitement<\/strong><\/p>\n\n\n\n<p class=\"has-black-color has-text-color has-link-color wp-elements-8cd7e0400950b06eeb5fef6d5a6f972d\">Le responsable du traitement des donn\u00e9es est :<\/p>\n\n\n\n<p class=\"has-black-color has-text-color has-link-color wp-elements-83c334ec916386afc201d1d2f5b18990\"><br>NGUYEN Van Khanh<\/p>\n\n\n\n<p class=\"has-black-color has-text-color has-link-color wp-elements-7140f7826df1025f3686dbf861615f1e\">6 rue de la Cr\u00e9dence&nbsp;<\/p>\n\n\n\n<p class=\"has-black-color has-text-color has-link-color wp-elements-c958c3a1f2f52e5f352861f992359164\">13013 Marseille <\/p>\n\n\n\n<p class=\"has-black-color has-text-color has-link-color wp-elements-1d1f9c6954c3045644e1a7c5d58dbd98\">Van-Khanh.NGUYEN@efs.sante.fr<\/p>\n\n\n\n<hr class=\"wp-block-separator has-alpha-channel-opacity\"\/>\n\n\n\n<p class=\"has-black-color has-text-color has-link-color wp-elements-08894ea18f12677a4da5237bd886171c\"><strong>2. Donn\u00e9es personnelles collect\u00e9es<\/strong><\/p>\n\n\n\n<p class=\"has-black-color has-text-color has-link-color wp-elements-1ce3d5c28dfa455c89a56030f7bc2e6c\">Le site&nbsp;<strong>www.tact-transfusion.org<\/strong>&nbsp;est un site \u00e0 acc\u00e8s libre et&nbsp;<strong>ne propose pas<\/strong>&nbsp;:<\/p>\n\n\n\n<ul class=\"wp-block-list\">\n<li class=\"has-black-color has-text-color has-link-color wp-elements-fe549921330a4f2710958ac85234abf1\">de cr\u00e9ation de compte utilisateur,<\/li>\n\n\n\n<li class=\"has-black-color has-text-color has-link-color wp-elements-6a0a248331ff206a5a34090ebc123c2a\">de formulaire de contact,<\/li>\n\n\n\n<li class=\"has-black-color has-text-color has-link-color wp-elements-cb9a28325d4771b7ddb64c1f4a4efe07\">de syst\u00e8me de commentaires.<\/li>\n<\/ul>\n\n\n\n<p class=\"has-black-color has-text-color has-link-color wp-elements-7076d7ff5a2d54319310fcda9f3bc72a\">Aucune donn\u00e9e personnelle n\u2019est collect\u00e9e directement via des formulaires int\u00e9gr\u00e9s au site.&nbsp;<\/p>\n\n\n\n<p class=\"has-black-color has-text-color has-link-color wp-elements-3084e73d316ebafcf23c865b437e8e85\">Lors de la navigation sur le site&nbsp;<strong>www.tact-transfusion.org<\/strong>, certaines donn\u00e9es peuvent \u00eatre collect\u00e9es automatiquement, notamment :<\/p>\n\n\n\n<ul class=\"wp-block-list\">\n<li class=\"has-black-color has-text-color has-link-color wp-elements-d6d850bb72e32369c8e85381f481fa65\">adresse IP<\/li>\n\n\n\n<li class=\"has-black-color has-text-color has-link-color wp-elements-c434a9b7f925adac9b9626faa5540da4\">donn\u00e9es techniques de connexion (navigateur, syst\u00e8me d\u2019exploitation),<\/li>\n\n\n\n<li class=\"has-black-color has-text-color has-link-color wp-elements-dcbffa0e9a20484b0605452c644662be\">donn\u00e9es de navigation (pages consult\u00e9es, date et heure de consultation).<\/li>\n<\/ul>\n\n\n\n<p class=\"has-black-color has-text-color has-link-color wp-elements-dd5fe517d14523d1da145bd26fb1eb68\">Finalit\u00e9 du traitement&nbsp;:<\/p>\n\n\n\n<ul class=\"wp-block-list\">\n<li class=\"has-black-color has-text-color has-link-color wp-elements-22c74380edc2650f67141538604fb075\">fonctionnement technique du site,<\/li>\n\n\n\n<li class=\"has-black-color has-text-color has-link-color wp-elements-95ded619e183918d5d6c578e4b2b986a\">statistiques de fr\u00e9quentation anonymis\u00e9es.<\/li>\n<\/ul>\n\n\n\n<p class=\"has-black-color has-text-color has-link-color wp-elements-9ba2321fff952ab879c25e98a41654ca\">Elles ne permettent pas \u00e0 l\u2019\u00e9diteur du site d\u2019identifier directement un utilisateur et ne font l\u2019objet d\u2019aucune exploitation commerciale.<\/p>\n\n\n\n<hr class=\"wp-block-separator has-alpha-channel-opacity\"\/>\n\n\n\n<p class=\"has-black-color has-text-color has-link-color wp-elements-93b19870a0df99124b723ad97953485a\"><strong>3. Donn\u00e9es transmises volontairement par contact email<\/strong><\/p>\n\n\n\n<p class=\"has-black-color has-text-color has-link-color wp-elements-7d0d48a49b4a9fdcebfae7ffd764a9d1\">Le site met \u00e0 disposition une adresse email de contact h\u00e9berg\u00e9e par l\u2019h\u00e9bergeur du site (<strong>OVH<\/strong>).<\/p>\n\n\n\n<p class=\"has-black-color has-text-color has-link-color wp-elements-c8aad4a6c491001d5fca2a96be02f660\">Lorsque les utilisateurs contactent l\u2019\u00e9diteur par email, les donn\u00e9es personnelles suivantes peuvent \u00eatre transmises volontairement :<\/p>\n\n\n\n<ul class=\"wp-block-list\">\n<li class=\"has-black-color has-text-color has-link-color wp-elements-80b8eb6f2e2f882af1b0616250bf6a78\">adresse email,<\/li>\n\n\n\n<li class=\"has-black-color has-text-color has-link-color wp-elements-00900bc4e3587e04541b96445e3b7548\">nom et pr\u00e9nom (si renseign\u00e9s),<\/li>\n\n\n\n<li class=\"has-black-color has-text-color has-link-color wp-elements-e250c8fb76073dffb83c607f07af2714\">contenu du message.<\/li>\n<\/ul>\n\n\n\n<p class=\"has-black-color has-text-color has-link-color wp-elements-ed11ef50245b5d3bfc508e5f66881911\">Finalit\u00e9 du traitement&nbsp;: ces donn\u00e9es sont utilis\u00e9es&nbsp;<strong>exclusivement pour r\u00e9pondre aux demandes<\/strong>&nbsp;et sont conserv\u00e9es pendant la dur\u00e9e n\u00e9cessaire au traitement de la demande. Elles ne sont ni c\u00e9d\u00e9es, ni vendues, ni transmises \u00e0 des tiers.<\/p>\n\n\n\n<p class=\"has-black-color has-text-color has-link-color wp-elements-b2fe76e1e8b9376c63e2a08293aaaa6c\"><strong>4. Contenus publi\u00e9s (photos, documents, audio)<\/strong><\/p>\n\n\n\n<p class=\"has-black-color has-text-color has-link-color wp-elements-d8ee1079fc5b21a4c6d9624dcdccff89\">Des photographies, documents PDF et fichiers audio peuvent \u00eatre publi\u00e9s sur le site.<\/p>\n\n\n\n<ul class=\"wp-block-list\">\n<li class=\"has-black-color has-text-color has-link-color wp-elements-f988cab2b39e53e7f5785b9c8f718f4a\">Les personnes figurant sur les photographies ont donn\u00e9 leur\u00a0<strong>accord pr\u00e9alable<\/strong>\u00a0pour leur diffusion.<\/li>\n\n\n\n<li class=\"has-black-color has-text-color has-link-color wp-elements-6e7fe8ac39e7ee69cce47e1010359330\">Les auteurs des documents et captations audio ont donn\u00e9 leur\u00a0<strong>autorisation pr\u00e9alable<\/strong>\u00a0pour leur diffusion.\u00a0<\/li>\n<\/ul>\n\n\n\n<p class=\"has-black-color has-text-color has-link-color wp-elements-94cdca3dce975cd342e6cff4383ad5f2\">Finalit\u00e9 du traitement&nbsp;:&nbsp;communication associative, valorisation des \u00e9v\u00e9nements.&nbsp;<\/p>\n\n\n\n<p class=\"has-black-color has-text-color has-link-color wp-elements-956d700e88fc282314d38ea1e3c1f2a4\">Si une personne concern\u00e9e souhaite exercer son droit de retrait ou de modification d\u2019un contenu la concernant, elle peut contacter le responsable du site \u00e0 cette adresse&nbsp;: contact@tact-transfusion.org<\/p>\n\n\n\n<p class=\"has-black-color has-text-color has-link-color wp-elements-300ebf42c26b26b1d0bdc137d40d39b9\"><strong>5. Base l\u00e9gale du traitement<\/strong><\/p>\n\n\n\n<p class=\"has-black-color has-text-color has-link-color wp-elements-5e0ea53023992e088d911525ae237b21\">Le traitement des donn\u00e9es repose sur :<\/p>\n\n\n\n<ul class=\"wp-block-list\">\n<li class=\"has-black-color has-text-color has-link-color wp-elements-b66add497f50ab4611bab96d68ac48e2\">le\u00a0<strong>consentement explicite<\/strong>\u00a0de l\u2019utilisateur lors de l\u2019envoi d\u2019un message<\/li>\n\n\n\n<li class=\"has-black-color has-text-color has-link-color wp-elements-59843988e20678b83a4250492f14da53\">les autorisations pr\u00e9alables de diffusion des documents et captations audio.<\/li>\n\n\n\n<li class=\"has-black-color has-text-color has-link-color wp-elements-958eb7161b28474ed06c2492225ca81a\">La signature de l\u2019autorisation de droit \u00e0 l\u2019image et de collecte des donn\u00e9es.\u00a0\u00a0<\/li>\n<\/ul>\n\n\n\n<p class=\"has-black-color has-text-color has-link-color wp-elements-71b92c47a9d9947885c0d3cce9cc91ec\"><strong>6. Dur\u00e9e de conservation<\/strong><\/p>\n\n\n\n<p class=\"has-black-color has-text-color has-link-color wp-elements-c701fe6255b3cee511c226478bb19d0d\">Les donn\u00e9es personnelles sont conserv\u00e9es uniquement le temps n\u00e9cessaire au traitement de la demande puis supprim\u00e9es dans un d\u00e9lai maximum de 5 ans.&nbsp;<\/p>\n\n\n\n<p class=\"has-black-color has-text-color has-link-color wp-elements-d59a4476ddc8d2ec07262db5f44a9412\"><strong>7. S\u00e9curit\u00e9 des donn\u00e9es<\/strong><\/p>\n\n\n\n<p class=\"has-black-color has-text-color has-link-color wp-elements-02ea23b5a7f10abc4f7296286b552d5a\">L\u2019association met en \u0153uvre des mesures simples et adapt\u00e9es afin de prot\u00e9ger les donn\u00e9es personnelles qui lui sont transmises. Les informations re\u00e7ues via le site sont exclusivement trait\u00e9es par messagerie \u00e9lectronique et accessibles uniquement aux membres habilit\u00e9s de l\u2019association, via une bo\u00eete e-mail prot\u00e9g\u00e9e par mot de passe.<\/p>\n\n\n\n<p class=\"has-black-color has-text-color has-link-color wp-elements-a1877c024580629160b60993e95e8b47\">Aucune base de donn\u00e9es automatis\u00e9e n\u2019est constitu\u00e9e \u00e0 partir des informations collect\u00e9es sur le site.<\/p>\n\n\n\n<p class=\"has-black-color has-text-color has-link-color wp-elements-cf3694aa0840bb387cb761ad38f4ee50\"><strong>8. Droits des utilisateurs<\/strong><\/p>\n\n\n\n<p class=\"has-black-color has-text-color has-link-color wp-elements-edaf4e8e99a2b257290f4cb8a30b0f45\">Conform\u00e9ment au R\u00e8glement G\u00e9n\u00e9ral sur la Protection des Donn\u00e9es (RGPD \u2013 UE 2016\/679), chaque utilisateur dispose des droits suivants :<\/p>\n\n\n\n<ul class=\"wp-block-list\">\n<li class=\"has-black-color has-text-color has-link-color wp-elements-c7f9143ee32a2ae5375d409a0f40ee6f\">droit d\u2019acc\u00e8s<\/li>\n\n\n\n<li class=\"has-black-color has-text-color has-link-color wp-elements-5accb7031650e05b6d8017fed2878665\">droit de rectification<\/li>\n\n\n\n<li class=\"has-black-color has-text-color has-link-color wp-elements-25bf9404d2acadb94e83c6911aaf1355\">droit \u00e0 l\u2019effacement<\/li>\n\n\n\n<li class=\"has-black-color has-text-color has-link-color wp-elements-40bc55c149a939b190d2c3782449408a\">droit \u00e0 la limitation du traitement<\/li>\n\n\n\n<li class=\"has-black-color has-text-color has-link-color wp-elements-bb8265ee4504d295e735730132f5b679\">droit d\u2019opposition<\/li>\n<\/ul>\n\n\n\n<p class=\"has-black-color has-text-color has-link-color wp-elements-d88d8d46ad5064f428812305160d4967\">Pour exercer ces droits, il suffit d\u2019envoyer une demande par e-mail \u00e0 :<br>contact@tact-transfusion.org<\/p>\n\n\n\n<p class=\"has-black-color has-text-color has-link-color wp-elements-74ba4e0a4a1de83f13b4dabe376533a0\">Une r\u00e9ponse sera apport\u00e9e dans un d\u00e9lai maximum d\u2019un mois.<\/p>\n\n\n\n<p class=\"has-black-color has-text-color has-link-color wp-elements-6f19e8d3b354717e1f307fa6f1242d1a\"><strong>9. R\u00e9clamation<\/strong><\/p>\n\n\n\n<p class=\"has-black-color has-text-color has-link-color wp-elements-a4eb11743b0dd9c9a621baa860a01f06\">Si vous estimez que vos droits ne sont pas respect\u00e9s, vous pouvez introduire une r\u00e9clamation aupr\u00e8s de la&nbsp;<strong>CNIL<\/strong>&nbsp;(Commission Nationale de l\u2019Informatique et des Libert\u00e9s).<\/p>\n\n\n\n<hr class=\"wp-block-separator has-alpha-channel-opacity\"\/>\n\n\n\n<p class=\"has-black-color has-text-color has-link-color wp-elements-f57db16404ae032182666c8a1366bc91\"><strong>10. Cookies<\/strong><\/p>\n\n\n\n<p class=\"has-black-color has-text-color has-link-color wp-elements-8ae294266dd1b96ec01d15084ef76a96\">Le site peut utiliser des cookies n\u00e9cessaires \u00e0 son bon fonctionnement ou \u00e0 des mesures statistiques anonymes.<br>Aucun cookie publicitaire ou de suivi commercial n\u2019est utilis\u00e9. Voir la&nbsp;<a href=\"https:\/\/www.tact-transfusion.org\/index.php\/politique-de-cookies-ue-2\/\">politique des cookies.<\/a><\/p>\n\n\n\n<p class=\"has-black-color has-text-color has-link-color wp-elements-476d5e734a9ab78e6de10196badb9c2e\"><strong>8. Mise \u00e0 jour de la politique<\/strong><\/p>\n\n\n\n<p class=\"has-black-color has-text-color has-link-color wp-elements-c1bb56da5c32c74b1f03bc05316b2eae\">La pr\u00e9sente politique de confidentialit\u00e9 peut \u00eatre modifi\u00e9e \u00e0 tout moment afin de rester conforme aux \u00e9volutions l\u00e9gales ou techniques. La date de mise \u00e0 jour sera indiqu\u00e9e en bas de page.<\/p>\n","protected":false},"excerpt":{"rendered":"<p>La pr\u00e9sente politique de confidentialit\u00e9 a pour objectif d\u2019informer les utilisateurs du site&nbsp;www.tact-transfusion.org&nbsp;sur la mani\u00e8re dont leurs donn\u00e9es personnelles peuvent \u00eatre collect\u00e9es et trait\u00e9es. 1. Responsable du traitement Le responsable du traitement des donn\u00e9es est : NGUYEN Van Khanh 6 rue de la Cr\u00e9dence&nbsp; 13013 Marseille Van-Khanh.NGUYEN@efs.sante.fr 2. Donn\u00e9es personnelles collect\u00e9es Le site&nbsp;www.tact-transfusion.org&nbsp;est un site&hellip; <br \/> <a class=\"read-more\" href=\"https:\/\/www.tact-transfusion.org\/index.php\/politique-de-confidentialite-rgpd\/\">Lire la suite<\/a><\/p>\n","protected":false},"author":1,"featured_media":0,"parent":0,"menu_order":0,"comment_status":"closed","ping_status":"closed","template":"","meta":{"_monsterinsights_skip_tracking":false,"_monsterinsights_sitenote_active":false,"_monsterinsights_sitenote_note":"","_monsterinsights_sitenote_category":0,"footnotes":""},"categories":[],"tags":[],"class_list":["post-3464","page","type-page","status-publish","hentry"],"_links":{"self":[{"href":"https:\/\/www.tact-transfusion.org\/index.php\/wp-json\/wp\/v2\/pages\/3464","targetHints":{"allow":["GET"]}}],"collection":[{"href":"https:\/\/www.tact-transfusion.org\/index.php\/wp-json\/wp\/v2\/pages"}],"about":[{"href":"https:\/\/www.tact-transfusion.org\/index.php\/wp-json\/wp\/v2\/types\/page"}],"author":[{"embeddable":true,"href":"https:\/\/www.tact-transfusion.org\/index.php\/wp-json\/wp\/v2\/users\/1"}],"replies":[{"embeddable":true,"href":"https:\/\/www.tact-transfusion.org\/index.php\/wp-json\/wp\/v2\/comments?post=3464"}],"version-history":[{"count":1,"href":"https:\/\/www.tact-transfusion.org\/index.php\/wp-json\/wp\/v2\/pages\/3464\/revisions"}],"predecessor-version":[{"id":3465,"href":"https:\/\/www.tact-transfusion.org\/index.php\/wp-json\/wp\/v2\/pages\/3464\/revisions\/3465"}],"wp:attachment":[{"href":"https:\/\/www.tact-transfusion.org\/index.php\/wp-json\/wp\/v2\/media?parent=3464"}],"wp:term":[{"taxonomy":"category","embeddable":true,"href":"https:\/\/www.tact-transfusion.org\/index.php\/wp-json\/wp\/v2\/categories?post=3464"},{"taxonomy":"post_tag","embeddable":true,"href":"https:\/\/www.tact-transfusion.org\/index.php\/wp-json\/wp\/v2\/tags?post=3464"}],"curies":[{"name":"wp","href":"https:\/\/api.w.org\/{rel}","templated":true}]}}